{"id":2453,"date":"2024-06-21T09:41:22","date_gmt":"2024-06-21T07:41:22","guid":{"rendered":"https:\/\/bilingual.hu\/munkatarsaink\/"},"modified":"2024-09-10T14:48:12","modified_gmt":"2024-09-10T12:48:12","slug":"our-teachers-staff","status":"publish","type":"page","link":"https:\/\/bilingual.hu\/en\/about-us\/our-teachers-staff\/","title":{"rendered":"Our teachers\/staff"},"content":{"rendered":"\n<div class=\"wp-block-group alignfull collection-menu is-layout-flow wp-block-group-is-layout-flow\" style=\"padding-top:var(--wp--preset--spacing--120);padding-bottom:var(--wp--preset--spacing--120)\">\n<div class=\"wp-block-group alignwide is-layout-flow wp-block-group-is-layout-flow\">\n<h1 class=\"wp-block-heading has-text-align-center has-primary-color has-text-color has-link-color has-4-x-large-font-size wp-elements-7f3217f2e6a5ac77f004fd26da452777\">Our teachers\/staff<\/h1>\n\n\n\n<div class=\"wp-block-group has-global-padding is-layout-constrained wp-block-group-is-layout-constrained\" style=\"margin-bottom:var(--wp--preset--spacing--110)\">\n<p class=\"has-text-align-center has-large-font-size\">Please choose the circle in which you are looking for our employees!<\/p>\n<\/div>\n<\/div>\n\n\n\n<div class=\"wp-block-cover alignfull is-light\"><span aria-hidden=\"true\" class=\"wp-block-cover__background has-contrast-background-color has-background-dim-100 has-background-dim\"><\/span><img decoding=\"async\" class=\"wp-block-cover__image-background wp-image-587\" alt=\"\" src=\"https:\/\/bilingual.hu\/app\/themes\/bilingual\/dist\/images\/ornament-wave.svg\" style=\"object-position:50% 0%\" data-object-fit=\"cover\" data-object-position=\"50% 0%\"\/><div class=\"wp-block-cover__inner-container has-global-padding is-layout-constrained wp-block-cover-is-layout-constrained\">\n<div class=\"wp-block-group alignwide CollectionMenu is-content-justification-center is-layout-flex wp-container-core-group-is-layout-1d5b6e68 wp-block-group-is-layout-flex\" style=\"margin-bottom:var(--wp--preset--spacing--110)\">\n<div class=\"wp-block-group wp-container-content-bb43825f is-layout-flow wp-block-group-is-layout-flow\" style=\"min-height:306px\">\n<div class=\"wp-block-group has-global-padding is-layout-constrained wp-container-core-group-is-layout-97829e9f wp-block-group-is-layout-constrained\" style=\"padding-right:var(--wp--preset--spacing--40);padding-left:var(--wp--preset--spacing--40)\">\n<figure class=\"wp-block-image aligncenter size-full is-resized\"><a href=\"https:\/\/bilingual.hu\/en\/about-us\/our-teachers-staff\/our-teachers\/\"><img loading=\"lazy\" decoding=\"async\" width=\"635\" height=\"635\" src=\"https:\/\/bilingual.hu\/app\/uploads\/2024\/07\/tanaraink-munkatarsaink.png\" alt=\"\" class=\"wp-image-2757\" style=\"aspect-ratio:1;object-fit:cover;width:220px\" srcset=\"https:\/\/bilingual.hu\/app\/uploads\/2024\/07\/tanaraink-munkatarsaink.png 635w, https:\/\/bilingual.hu\/app\/uploads\/2024\/07\/tanaraink-munkatarsaink-300x300.png 300w, https:\/\/bilingual.hu\/app\/uploads\/2024\/07\/tanaraink-munkatarsaink-150x150.png 150w\" sizes=\"auto, (max-width: 635px) 100vw, 635px\" \/><\/a><\/figure>\n<\/div>\n\n\n\n<div class=\"wp-block-group has-global-padding is-layout-constrained wp-container-core-group-is-layout-ff778368 wp-block-group-is-layout-constrained\" style=\"padding-right:var(--wp--preset--spacing--30);padding-left:var(--wp--preset--spacing--30)\">\n<h3 class=\"wp-block-heading has-text-align-center is-style-default has-primary-color has-text-color has-link-color has-2-x-large-font-size wp-elements-8df520c66a73c9f48429e5424791397b\" style=\"margin-top:var(--wp--preset--spacing--40);margin-right:0;margin-bottom:var(--wp--preset--spacing--30);margin-left:0;padding-top:0;padding-right:0;padding-bottom:0;padding-left:0\"><a href=\"https:\/\/bilingual.hu\/en\/about-us\/our-teachers-staff\/our-teachers\/\">Our teachers<\/a><\/h3>\n\n\n\n<p class=\"has-text-align-center has-secondary-color has-text-color has-link-color has-normal-font-size wp-elements-4a27560420faae2b8d804fb0f2cedc33\" style=\"font-style:normal;font-weight:800\"><a href=\"https:\/\/bilingual.hu\/en\/about-us\/our-teachers-staff\/our-teachers\/\">More<\/a><\/p>\n<\/div>\n<\/div>\n\n\n\n<div class=\"wp-block-group wp-container-content-bb43825f is-layout-flow wp-block-group-is-layout-flow\" style=\"min-height:306px\">\n<div class=\"wp-block-group has-global-padding is-layout-constrained wp-container-core-group-is-layout-97829e9f wp-block-group-is-layout-constrained\" style=\"padding-right:var(--wp--preset--spacing--40);padding-left:var(--wp--preset--spacing--40)\">\n<figure class=\"wp-block-image aligncenter size-full is-resized\"><a href=\"https:\/\/bilingual.hu\/en\/about-us\/our-teachers-staff\/our-office-hq-staff\/\"><img loading=\"lazy\" decoding=\"async\" width=\"330\" height=\"330\" src=\"https:\/\/bilingual.hu\/app\/uploads\/2024\/06\/picture-9.png\" alt=\"\" class=\"wp-image-916\" style=\"aspect-ratio:1;object-fit:cover;width:220px\" srcset=\"https:\/\/bilingual.hu\/app\/uploads\/2024\/06\/picture-9.png 330w, https:\/\/bilingual.hu\/app\/uploads\/2024\/06\/picture-9-300x300.png 300w, https:\/\/bilingual.hu\/app\/uploads\/2024\/06\/picture-9-150x150.png 150w\" sizes=\"auto, (max-width: 330px) 100vw, 330px\" \/><\/a><\/figure>\n<\/div>\n\n\n\n<div class=\"wp-block-group has-global-padding is-layout-constrained wp-container-core-group-is-layout-ff778368 wp-block-group-is-layout-constrained\" style=\"padding-right:var(--wp--preset--spacing--30);padding-left:var(--wp--preset--spacing--30)\">\n<h3 class=\"wp-block-heading has-text-align-center is-style-default has-primary-color has-text-color has-link-color has-2-x-large-font-size wp-elements-8480a2191801aa1e50c75220d328c648\" style=\"margin-top:var(--wp--preset--spacing--40);margin-right:0;margin-bottom:var(--wp--preset--spacing--30);margin-left:0;padding-top:0;padding-right:0;padding-bottom:0;padding-left:0\"><a href=\"https:\/\/bilingual.hu\/en\/about-us\/our-teachers-staff\/our-office-hq-staff\/\">Our office (HQ) staff<\/a><\/h3>\n\n\n\n<p class=\"has-text-align-center has-secondary-color has-text-color has-link-color has-normal-font-size wp-elements-7b1e67db975e0cee3e75212a9d5bcd8b\" style=\"font-style:normal;font-weight:800\"><a href=\"https:\/\/bilingual.hu\/en\/about-us\/our-teachers-staff\/our-office-hq-staff\/\">More<\/a><\/p>\n<\/div>\n<\/div>\n<\/div>\n<\/div><\/div>\n<\/div>\n","protected":false},"excerpt":{"rendered":"<p>Our teachers\/staff Please choose the circle in which you are looking for our employees!<\/p>\n","protected":false},"author":8,"featured_media":0,"parent":2471,"menu_order":0,"comment_status":"closed","ping_status":"closed","template":"page-no-title-social","meta":{"_acf_changed":false,"footnotes":""},"class_list":["post-2453","page","type-page","status-publish","hentry"],"acf":[],"yoast_head":"<!-- This site is optimized with the Yoast SEO plugin v26.0 - https:\/\/yoast.com\/wordpress\/plugins\/seo\/ -->\n<title>Our teachers\/staff - Bilingual<\/title>\n<meta name=\"robots\" content=\"index, follow, max-snippet:-1, max-image-preview:large, max-video-preview:-1\" \/>\n<link rel=\"canonical\" href=\"https:\/\/bilingual.hu\/en\/about-us\/our-teachers-staff\/\" \/>\n<meta property=\"og:locale\" content=\"en_US\" \/>\n<meta property=\"og:type\" content=\"article\" \/>\n<meta property=\"og:title\" content=\"Our teachers\/staff - Bilingual\" \/>\n<meta property=\"og:description\" content=\"Our teachers\/staff Please choose the circle in which you are looking for our employees!\" \/>\n<meta property=\"og:url\" content=\"https:\/\/bilingual.hu\/en\/about-us\/our-teachers-staff\/\" \/>\n<meta property=\"og:site_name\" content=\"Bilingual\" \/>\n<meta property=\"article:publisher\" content=\"https:\/\/www.facebook.com\/bilingual.hu\" \/>\n<meta property=\"article:modified_time\" content=\"2024-09-10T12:48:12+00:00\" \/>\n<meta property=\"og:image\" content=\"https:\/\/bilingual.hu\/app\/themes\/bilingual\/dist\/images\/ornament-wave.svg\" \/>\n<meta name=\"twitter:card\" content=\"summary_large_image\" \/>\n<meta name=\"twitter:label1\" content=\"Est. reading time\" \/>\n\t<meta name=\"twitter:data1\" content=\"1 minute\" \/>\n<script type=\"application\/ld+json\" class=\"yoast-schema-graph\">{\"@context\":\"https:\/\/schema.org\",\"@graph\":[{\"@type\":\"WebPage\",\"@id\":\"https:\/\/bilingual.hu\/en\/about-us\/our-teachers-staff\/\",\"url\":\"https:\/\/bilingual.hu\/en\/about-us\/our-teachers-staff\/\",\"name\":\"Our teachers\/staff - Bilingual\",\"isPartOf\":{\"@id\":\"https:\/\/bilingual.hu\/en\/#website\"},\"primaryImageOfPage\":{\"@id\":\"https:\/\/bilingual.hu\/en\/about-us\/our-teachers-staff\/#primaryimage\"},\"image\":{\"@id\":\"https:\/\/bilingual.hu\/en\/about-us\/our-teachers-staff\/#primaryimage\"},\"thumbnailUrl\":\"https:\/\/bilingual.hu\/app\/themes\/bilingual\/dist\/images\/ornament-wave.svg\",\"datePublished\":\"2024-06-21T07:41:22+00:00\",\"dateModified\":\"2024-09-10T12:48:12+00:00\",\"breadcrumb\":{\"@id\":\"https:\/\/bilingual.hu\/en\/about-us\/our-teachers-staff\/#breadcrumb\"},\"inLanguage\":\"en-US\",\"potentialAction\":[{\"@type\":\"ReadAction\",\"target\":[\"https:\/\/bilingual.hu\/en\/about-us\/our-teachers-staff\/\"]}]},{\"@type\":\"ImageObject\",\"inLanguage\":\"en-US\",\"@id\":\"https:\/\/bilingual.hu\/en\/about-us\/our-teachers-staff\/#primaryimage\",\"url\":\"https:\/\/bilingual.hu\/app\/themes\/bilingual\/dist\/images\/ornament-wave.svg\",\"contentUrl\":\"https:\/\/bilingual.hu\/app\/themes\/bilingual\/dist\/images\/ornament-wave.svg\"},{\"@type\":\"BreadcrumbList\",\"@id\":\"https:\/\/bilingual.hu\/en\/about-us\/our-teachers-staff\/#breadcrumb\",\"itemListElement\":[{\"@type\":\"ListItem\",\"position\":1,\"name\":\"&nbsp;\",\"item\":\"https:\/\/bilingual.hu\/en\/\"},{\"@type\":\"ListItem\",\"position\":2,\"name\":\"About us\",\"item\":\"https:\/\/bilingual.hu\/en\/about-us\/\"},{\"@type\":\"ListItem\",\"position\":3,\"name\":\"Our teachers\/staff\"}]},{\"@type\":\"WebSite\",\"@id\":\"https:\/\/bilingual.hu\/en\/#website\",\"url\":\"https:\/\/bilingual.hu\/en\/\",\"name\":\"Bilingual\",\"description\":\"A Bilingual Program egy intenz\u00edv k\u00e9tnyelv\u0171 k\u00e9pz\u00e9s.\",\"publisher\":{\"@id\":\"https:\/\/bilingual.hu\/en\/#organization\"},\"potentialAction\":[{\"@type\":\"SearchAction\",\"target\":{\"@type\":\"EntryPoint\",\"urlTemplate\":\"https:\/\/bilingual.hu\/en\/?s={search_term_string}\"},\"query-input\":{\"@type\":\"PropertyValueSpecification\",\"valueRequired\":true,\"valueName\":\"search_term_string\"}}],\"inLanguage\":\"en-US\"},{\"@type\":\"Organization\",\"@id\":\"https:\/\/bilingual.hu\/en\/#organization\",\"name\":\"Bilingual\",\"url\":\"https:\/\/bilingual.hu\/en\/\",\"logo\":{\"@type\":\"ImageObject\",\"inLanguage\":\"en-US\",\"@id\":\"https:\/\/bilingual.hu\/en\/#\/schema\/logo\/image\/\",\"url\":\"https:\/\/bilingual.hu\/app\/uploads\/2024\/08\/Property-1Variant2.svg\",\"contentUrl\":\"https:\/\/bilingual.hu\/app\/uploads\/2024\/08\/Property-1Variant2.svg\",\"caption\":\"Bilingual\"},\"image\":{\"@id\":\"https:\/\/bilingual.hu\/en\/#\/schema\/logo\/image\/\"},\"sameAs\":[\"https:\/\/www.facebook.com\/bilingual.hu\",\"https:\/\/www.instagram.com\/bilingual.hu\/\",\"https:\/\/www.youtube.com\/channel\/UCr0fdfvgn1CRi0YwFT5LwEg\/videos\"]}]}<\/script>\n<!-- \/ Yoast SEO plugin. -->","yoast_head_json":{"title":"Our teachers\/staff - Bilingual","robots":{"index":"index","follow":"follow","max-snippet":"max-snippet:-1","max-image-preview":"max-image-preview:large","max-video-preview":"max-video-preview:-1"},"canonical":"https:\/\/bilingual.hu\/en\/about-us\/our-teachers-staff\/","og_locale":"en_US","og_type":"article","og_title":"Our teachers\/staff - Bilingual","og_description":"Our teachers\/staff Please choose the circle in which you are looking for our employees!","og_url":"https:\/\/bilingual.hu\/en\/about-us\/our-teachers-staff\/","og_site_name":"Bilingual","article_publisher":"https:\/\/www.facebook.com\/bilingual.hu","article_modified_time":"2024-09-10T12:48:12+00:00","og_image":[{"url":"https:\/\/bilingual.hu\/app\/themes\/bilingual\/dist\/images\/ornament-wave.svg","type":"","width":"","height":""}],"twitter_card":"summary_large_image","twitter_misc":{"Est. reading time":"1 minute"},"schema":{"@context":"https:\/\/schema.org","@graph":[{"@type":"WebPage","@id":"https:\/\/bilingual.hu\/en\/about-us\/our-teachers-staff\/","url":"https:\/\/bilingual.hu\/en\/about-us\/our-teachers-staff\/","name":"Our teachers\/staff - Bilingual","isPartOf":{"@id":"https:\/\/bilingual.hu\/en\/#website"},"primaryImageOfPage":{"@id":"https:\/\/bilingual.hu\/en\/about-us\/our-teachers-staff\/#primaryimage"},"image":{"@id":"https:\/\/bilingual.hu\/en\/about-us\/our-teachers-staff\/#primaryimage"},"thumbnailUrl":"https:\/\/bilingual.hu\/app\/themes\/bilingual\/dist\/images\/ornament-wave.svg","datePublished":"2024-06-21T07:41:22+00:00","dateModified":"2024-09-10T12:48:12+00:00","breadcrumb":{"@id":"https:\/\/bilingual.hu\/en\/about-us\/our-teachers-staff\/#breadcrumb"},"inLanguage":"en-US","potentialAction":[{"@type":"ReadAction","target":["https:\/\/bilingual.hu\/en\/about-us\/our-teachers-staff\/"]}]},{"@type":"ImageObject","inLanguage":"en-US","@id":"https:\/\/bilingual.hu\/en\/about-us\/our-teachers-staff\/#primaryimage","url":"https:\/\/bilingual.hu\/app\/themes\/bilingual\/dist\/images\/ornament-wave.svg","contentUrl":"https:\/\/bilingual.hu\/app\/themes\/bilingual\/dist\/images\/ornament-wave.svg"},{"@type":"BreadcrumbList","@id":"https:\/\/bilingual.hu\/en\/about-us\/our-teachers-staff\/#breadcrumb","itemListElement":[{"@type":"ListItem","position":1,"name":"&nbsp;","item":"https:\/\/bilingual.hu\/en\/"},{"@type":"ListItem","position":2,"name":"About us","item":"https:\/\/bilingual.hu\/en\/about-us\/"},{"@type":"ListItem","position":3,"name":"Our teachers\/staff"}]},{"@type":"WebSite","@id":"https:\/\/bilingual.hu\/en\/#website","url":"https:\/\/bilingual.hu\/en\/","name":"Bilingual","description":"A Bilingual Program egy intenz\u00edv k\u00e9tnyelv\u0171 k\u00e9pz\u00e9s.","publisher":{"@id":"https:\/\/bilingual.hu\/en\/#organization"},"potentialAction":[{"@type":"SearchAction","target":{"@type":"EntryPoint","urlTemplate":"https:\/\/bilingual.hu\/en\/?s={search_term_string}"},"query-input":{"@type":"PropertyValueSpecification","valueRequired":true,"valueName":"search_term_string"}}],"inLanguage":"en-US"},{"@type":"Organization","@id":"https:\/\/bilingual.hu\/en\/#organization","name":"Bilingual","url":"https:\/\/bilingual.hu\/en\/","logo":{"@type":"ImageObject","inLanguage":"en-US","@id":"https:\/\/bilingual.hu\/en\/#\/schema\/logo\/image\/","url":"https:\/\/bilingual.hu\/app\/uploads\/2024\/08\/Property-1Variant2.svg","contentUrl":"https:\/\/bilingual.hu\/app\/uploads\/2024\/08\/Property-1Variant2.svg","caption":"Bilingual"},"image":{"@id":"https:\/\/bilingual.hu\/en\/#\/schema\/logo\/image\/"},"sameAs":["https:\/\/www.facebook.com\/bilingual.hu","https:\/\/www.instagram.com\/bilingual.hu\/","https:\/\/www.youtube.com\/channel\/UCr0fdfvgn1CRi0YwFT5LwEg\/videos"]}]}},"_links":{"self":[{"href":"https:\/\/bilingual.hu\/en\/wp-json\/wp\/v2\/pages\/2453","targetHints":{"allow":["GET"]}}],"collection":[{"href":"https:\/\/bilingual.hu\/en\/wp-json\/wp\/v2\/pages"}],"about":[{"href":"https:\/\/bilingual.hu\/en\/wp-json\/wp\/v2\/types\/page"}],"author":[{"embeddable":true,"href":"https:\/\/bilingual.hu\/en\/wp-json\/wp\/v2\/users\/8"}],"replies":[{"embeddable":true,"href":"https:\/\/bilingual.hu\/en\/wp-json\/wp\/v2\/comments?post=2453"}],"version-history":[{"count":16,"href":"https:\/\/bilingual.hu\/en\/wp-json\/wp\/v2\/pages\/2453\/revisions"}],"predecessor-version":[{"id":6864,"href":"https:\/\/bilingual.hu\/en\/wp-json\/wp\/v2\/pages\/2453\/revisions\/6864"}],"up":[{"embeddable":true,"href":"https:\/\/bilingual.hu\/en\/wp-json\/wp\/v2\/pages\/2471"}],"wp:attachment":[{"href":"https:\/\/bilingual.hu\/en\/wp-json\/wp\/v2\/media?parent=2453"}],"curies":[{"name":"wp","href":"https:\/\/api.w.org\/{rel}","templated":true}]}}