{"id":3198,"date":"2024-08-01T15:46:36","date_gmt":"2024-08-01T13:46:36","guid":{"rendered":"https:\/\/bilingual.hu\/colleague\/biharine-lukacs-agnes\/"},"modified":"2024-08-02T14:55:46","modified_gmt":"2024-08-02T12:55:46","slug":"biharine-lukacs-agnes","status":"publish","type":"colleague","link":"https:\/\/bilingual.hu\/en\/colleagues\/biharine-lukacs-agnes\/","title":{"rendered":"Biharin\u00e9 Luk\u00e1cs \u00c1gnes"},"content":{"rendered":"\n<p>1997-ben ker\u00fclt a Kr\u00fady Iskol\u00e1ba. Az itt t\u00f6lt\u00f6tt \u00e9vek alatt t\u00f6bbf\u00e9le tan\u00edt\u00e1si m\u00f3dszerrel ismerkedett meg a tov\u00e1bbk\u00e9pz\u00e9sek sor\u00e1n, \u00e9s ezeket ki is pr\u00f3b\u00e1lhatta a gyakorlatban. 2007-t\u0151l az iskola munkak\u00f6z\u00f6ss\u00e9g vezet\u0151jek\u00e9nt akt\u00edv szervez\u0151je \u00e9s r\u00e9szvev\u0151je volt a ker\u00fcleti tanulm\u00e1nyi versenyeknek, melyekre sikeresen fel is k\u00e9sz\u00edtette tan\u00edtv\u00e1nyait.<\/p>\n\n\n\n<p>Szaktud\u00e1s\u00e1t a Ped. II. fokozat megszerz\u00e9s\u00e9vel er\u0151s\u00edtette meg.<\/p>\n\n\n\n<p>Rendszeresen vezetett matematika szakk\u00f6rt a tehets\u00e9ges tanul\u00f3knak, \u00e9s 10 \u00e9ves akt\u00edv n\u00e9pt\u00e1ncos m\u00faltja seg\u00edts\u00e9g\u00e9vel sz\u00ednes\u00edtette iskol\u00e1ja programjait. Nagy term\u00e9szetkedvel\u0151 l\u00e9v\u00e9n rendszeresen szervezett erdei iskol\u00e1kat, ny\u00e1ri \u00e9s s\u00edt\u00e1borokat oszt\u00e1lyainak \u00e9s az iskola tanul\u00f3inak.<\/p>\n\n\n\n<p>\u00c1gi 2005-ben ismerkedett meg a Bilingual Programmal. Kezdett\u0151l fogva izgatta, hogyan lehet k\u00e9t nyelven tan\u00edtani gyerekeket. Hogyan lehet a tananyagot \u00fagy elsaj\u00e1t\u00edttatni vel\u00fck, hogy a magyar k\u00f6vetelm\u00e9nyek ne csorbuljanak, \u00e9s a lehet\u0151 legt\u00f6bb \u00faj ismeretet kapj\u00e1k a tanul\u00f3k. Leny\u0171g\u00f6zte a gyerekek fog\u00e9konys\u00e1ga, fejl\u0151d\u0151k\u00e9pess\u00e9ge. Sok munk\u00e1val j\u00e1r ez az oktat\u00e1si forma, de nagy \u00f6r\u00f6m volt sz\u00e1m\u00e1ra l\u00e1tni az eredm\u00e9nyeket, \u00e9s szeretett az angol koll\u00e9g\u00e1kkal egy\u00fctt dolgozni.<\/p>\n\n\n\n<p>42 \u00e9v tan\u00edt\u00e1s ut\u00e1n tud\u00e1s\u00e1t szeretn\u00e9 a fiataloknak \u00e1tadni, seg\u00edts\u00e9get ny\u00fajtani azoknak, akik most vagy a k\u00f6zelm\u00faltban kapcsol\u00f3dtak ehhez a programhoz. A fennmarad\u00f3 szabadidej\u00e9ben \u00c1gi tov\u00e1bbra is szeret utazni (f\u0151leg, mert gyermekei k\u00fclf\u00f6ld\u00f6n \u00e9lnek), t\u00far\u00e1zni \u00e9s akt\u00edv \u00fasz\u00e1ssal vigy\u00e1z eg\u00e9szs\u00e9g\u00e9re.<\/p>\n","protected":false},"excerpt":{"rendered":"<p>\u00c1gi 1980-ban a Tan\u00edt\u00f3k\u00e9pz\u0151 F\u0151iskola befejez\u00e9se ut\u00e1n kezdte tan\u00edt\u00f3i p\u00e1lyafut\u00e1s\u00e1t az I. ker\u00fcletben, ahol k\u00f6zel 20 \u00e9vet dolgozott el\u0151sz\u00f6r iskolaotthonos 1-2.oszt\u00e1lyban, majd 1-4. oszt\u00e1lyban nagyfelmen\u0151 rendszerben.<\/p>\n","protected":false},"featured_media":3374,"template":"","class_list":["post-3198","colleague","type-colleague","status-publish","has-post-thumbnail","hentry"],"acf":[],"yoast_head":"<!-- This site is optimized with the Yoast SEO plugin v26.0 - https:\/\/yoast.com\/wordpress\/plugins\/seo\/ -->\n<title>Biharin\u00e9 Luk\u00e1cs \u00c1gnes - Bilingual<\/title>\n<meta name=\"robots\" content=\"index, follow, max-snippet:-1, max-image-preview:large, max-video-preview:-1\" \/>\n<link rel=\"canonical\" href=\"https:\/\/bilingual.hu\/en\/colleagues\/biharine-lukacs-agnes\/\" \/>\n<meta property=\"og:locale\" content=\"en_US\" \/>\n<meta property=\"og:type\" content=\"article\" \/>\n<meta property=\"og:title\" content=\"Biharin\u00e9 Luk\u00e1cs \u00c1gnes - Bilingual\" \/>\n<meta property=\"og:description\" content=\"\u00c1gi 1980-ban a Tan\u00edt\u00f3k\u00e9pz\u0151 F\u0151iskola befejez\u00e9se ut\u00e1n kezdte tan\u00edt\u00f3i p\u00e1lyafut\u00e1s\u00e1t az I. ker\u00fcletben, ahol k\u00f6zel 20 \u00e9vet dolgozott el\u0151sz\u00f6r iskolaotthonos 1-2.oszt\u00e1lyban, majd 1-4. oszt\u00e1lyban nagyfelmen\u0151 rendszerben.\" \/>\n<meta property=\"og:url\" content=\"https:\/\/bilingual.hu\/en\/colleagues\/biharine-lukacs-agnes\/\" \/>\n<meta property=\"og:site_name\" content=\"Bilingual\" \/>\n<meta property=\"article:publisher\" content=\"https:\/\/www.facebook.com\/bilingual.hu\" \/>\n<meta property=\"article:modified_time\" content=\"2024-08-02T12:55:46+00:00\" \/>\n<meta property=\"og:image\" content=\"https:\/\/bilingual.hu\/app\/uploads\/2024\/08\/biharine.jpg\" \/>\n\t<meta property=\"og:image:width\" content=\"290\" \/>\n\t<meta property=\"og:image:height\" content=\"331\" \/>\n\t<meta property=\"og:image:type\" content=\"image\/jpeg\" \/>\n<meta name=\"twitter:card\" content=\"summary_large_image\" \/>\n<meta name=\"twitter:label1\" content=\"Est. reading time\" \/>\n\t<meta name=\"twitter:data1\" content=\"2 minutes\" \/>\n<script type=\"application\/ld+json\" class=\"yoast-schema-graph\">{\"@context\":\"https:\/\/schema.org\",\"@graph\":[{\"@type\":\"WebPage\",\"@id\":\"https:\/\/bilingual.hu\/en\/colleagues\/biharine-lukacs-agnes\/\",\"url\":\"https:\/\/bilingual.hu\/en\/colleagues\/biharine-lukacs-agnes\/\",\"name\":\"Biharin\u00e9 Luk\u00e1cs \u00c1gnes - Bilingual\",\"isPartOf\":{\"@id\":\"https:\/\/bilingual.hu\/en\/#website\"},\"primaryImageOfPage\":{\"@id\":\"https:\/\/bilingual.hu\/en\/colleagues\/biharine-lukacs-agnes\/#primaryimage\"},\"image\":{\"@id\":\"https:\/\/bilingual.hu\/en\/colleagues\/biharine-lukacs-agnes\/#primaryimage\"},\"thumbnailUrl\":\"https:\/\/bilingual.hu\/app\/uploads\/2024\/08\/biharine.jpg\",\"datePublished\":\"2024-08-01T13:46:36+00:00\",\"dateModified\":\"2024-08-02T12:55:46+00:00\",\"breadcrumb\":{\"@id\":\"https:\/\/bilingual.hu\/en\/colleagues\/biharine-lukacs-agnes\/#breadcrumb\"},\"inLanguage\":\"en-US\",\"potentialAction\":[{\"@type\":\"ReadAction\",\"target\":[\"https:\/\/bilingual.hu\/en\/colleagues\/biharine-lukacs-agnes\/\"]}]},{\"@type\":\"ImageObject\",\"inLanguage\":\"en-US\",\"@id\":\"https:\/\/bilingual.hu\/en\/colleagues\/biharine-lukacs-agnes\/#primaryimage\",\"url\":\"https:\/\/bilingual.hu\/app\/uploads\/2024\/08\/biharine.jpg\",\"contentUrl\":\"https:\/\/bilingual.hu\/app\/uploads\/2024\/08\/biharine.jpg\",\"width\":290,\"height\":331},{\"@type\":\"BreadcrumbList\",\"@id\":\"https:\/\/bilingual.hu\/en\/colleagues\/biharine-lukacs-agnes\/#breadcrumb\",\"itemListElement\":[{\"@type\":\"ListItem\",\"position\":1,\"name\":\"&nbsp;\",\"item\":\"https:\/\/bilingual.hu\/en\/\"},{\"@type\":\"ListItem\",\"position\":2,\"name\":\"About us\",\"item\":\"https:\/\/bilingual.hu\/en\/about-us\/\"},{\"@type\":\"ListItem\",\"position\":3,\"name\":\"Our teachers\/staff\",\"item\":\"https:\/\/bilingual.hu\/en\/about-us\/our-teachers-staff\/\"},{\"@type\":\"ListItem\",\"position\":4,\"name\":\"Biharin\u00e9 Luk\u00e1cs \u00c1gnes\"}]},{\"@type\":\"WebSite\",\"@id\":\"https:\/\/bilingual.hu\/en\/#website\",\"url\":\"https:\/\/bilingual.hu\/en\/\",\"name\":\"Bilingual\",\"description\":\"A Bilingual Program egy intenz\u00edv k\u00e9tnyelv\u0171 k\u00e9pz\u00e9s.\",\"publisher\":{\"@id\":\"https:\/\/bilingual.hu\/en\/#organization\"},\"potentialAction\":[{\"@type\":\"SearchAction\",\"target\":{\"@type\":\"EntryPoint\",\"urlTemplate\":\"https:\/\/bilingual.hu\/en\/?s={search_term_string}\"},\"query-input\":{\"@type\":\"PropertyValueSpecification\",\"valueRequired\":true,\"valueName\":\"search_term_string\"}}],\"inLanguage\":\"en-US\"},{\"@type\":\"Organization\",\"@id\":\"https:\/\/bilingual.hu\/en\/#organization\",\"name\":\"Bilingual\",\"url\":\"https:\/\/bilingual.hu\/en\/\",\"logo\":{\"@type\":\"ImageObject\",\"inLanguage\":\"en-US\",\"@id\":\"https:\/\/bilingual.hu\/en\/#\/schema\/logo\/image\/\",\"url\":\"https:\/\/bilingual.hu\/app\/uploads\/2024\/08\/Property-1Variant2.svg\",\"contentUrl\":\"https:\/\/bilingual.hu\/app\/uploads\/2024\/08\/Property-1Variant2.svg\",\"caption\":\"Bilingual\"},\"image\":{\"@id\":\"https:\/\/bilingual.hu\/en\/#\/schema\/logo\/image\/\"},\"sameAs\":[\"https:\/\/www.facebook.com\/bilingual.hu\",\"https:\/\/www.instagram.com\/bilingual.hu\/\",\"https:\/\/www.youtube.com\/channel\/UCr0fdfvgn1CRi0YwFT5LwEg\/videos\"]}]}<\/script>\n<!-- \/ Yoast SEO plugin. -->","yoast_head_json":{"title":"Biharin\u00e9 Luk\u00e1cs \u00c1gnes - Bilingual","robots":{"index":"index","follow":"follow","max-snippet":"max-snippet:-1","max-image-preview":"max-image-preview:large","max-video-preview":"max-video-preview:-1"},"canonical":"https:\/\/bilingual.hu\/en\/colleagues\/biharine-lukacs-agnes\/","og_locale":"en_US","og_type":"article","og_title":"Biharin\u00e9 Luk\u00e1cs \u00c1gnes - Bilingual","og_description":"\u00c1gi 1980-ban a Tan\u00edt\u00f3k\u00e9pz\u0151 F\u0151iskola befejez\u00e9se ut\u00e1n kezdte tan\u00edt\u00f3i p\u00e1lyafut\u00e1s\u00e1t az I. ker\u00fcletben, ahol k\u00f6zel 20 \u00e9vet dolgozott el\u0151sz\u00f6r iskolaotthonos 1-2.oszt\u00e1lyban, majd 1-4. oszt\u00e1lyban nagyfelmen\u0151 rendszerben.","og_url":"https:\/\/bilingual.hu\/en\/colleagues\/biharine-lukacs-agnes\/","og_site_name":"Bilingual","article_publisher":"https:\/\/www.facebook.com\/bilingual.hu","article_modified_time":"2024-08-02T12:55:46+00:00","og_image":[{"width":290,"height":331,"url":"https:\/\/bilingual.hu\/app\/uploads\/2024\/08\/biharine.jpg","type":"image\/jpeg"}],"twitter_card":"summary_large_image","twitter_misc":{"Est. reading time":"2 minutes"},"schema":{"@context":"https:\/\/schema.org","@graph":[{"@type":"WebPage","@id":"https:\/\/bilingual.hu\/en\/colleagues\/biharine-lukacs-agnes\/","url":"https:\/\/bilingual.hu\/en\/colleagues\/biharine-lukacs-agnes\/","name":"Biharin\u00e9 Luk\u00e1cs \u00c1gnes - Bilingual","isPartOf":{"@id":"https:\/\/bilingual.hu\/en\/#website"},"primaryImageOfPage":{"@id":"https:\/\/bilingual.hu\/en\/colleagues\/biharine-lukacs-agnes\/#primaryimage"},"image":{"@id":"https:\/\/bilingual.hu\/en\/colleagues\/biharine-lukacs-agnes\/#primaryimage"},"thumbnailUrl":"https:\/\/bilingual.hu\/app\/uploads\/2024\/08\/biharine.jpg","datePublished":"2024-08-01T13:46:36+00:00","dateModified":"2024-08-02T12:55:46+00:00","breadcrumb":{"@id":"https:\/\/bilingual.hu\/en\/colleagues\/biharine-lukacs-agnes\/#breadcrumb"},"inLanguage":"en-US","potentialAction":[{"@type":"ReadAction","target":["https:\/\/bilingual.hu\/en\/colleagues\/biharine-lukacs-agnes\/"]}]},{"@type":"ImageObject","inLanguage":"en-US","@id":"https:\/\/bilingual.hu\/en\/colleagues\/biharine-lukacs-agnes\/#primaryimage","url":"https:\/\/bilingual.hu\/app\/uploads\/2024\/08\/biharine.jpg","contentUrl":"https:\/\/bilingual.hu\/app\/uploads\/2024\/08\/biharine.jpg","width":290,"height":331},{"@type":"BreadcrumbList","@id":"https:\/\/bilingual.hu\/en\/colleagues\/biharine-lukacs-agnes\/#breadcrumb","itemListElement":[{"@type":"ListItem","position":1,"name":"&nbsp;","item":"https:\/\/bilingual.hu\/en\/"},{"@type":"ListItem","position":2,"name":"About us","item":"https:\/\/bilingual.hu\/en\/about-us\/"},{"@type":"ListItem","position":3,"name":"Our teachers\/staff","item":"https:\/\/bilingual.hu\/en\/about-us\/our-teachers-staff\/"},{"@type":"ListItem","position":4,"name":"Biharin\u00e9 Luk\u00e1cs \u00c1gnes"}]},{"@type":"WebSite","@id":"https:\/\/bilingual.hu\/en\/#website","url":"https:\/\/bilingual.hu\/en\/","name":"Bilingual","description":"A Bilingual Program egy intenz\u00edv k\u00e9tnyelv\u0171 k\u00e9pz\u00e9s.","publisher":{"@id":"https:\/\/bilingual.hu\/en\/#organization"},"potentialAction":[{"@type":"SearchAction","target":{"@type":"EntryPoint","urlTemplate":"https:\/\/bilingual.hu\/en\/?s={search_term_string}"},"query-input":{"@type":"PropertyValueSpecification","valueRequired":true,"valueName":"search_term_string"}}],"inLanguage":"en-US"},{"@type":"Organization","@id":"https:\/\/bilingual.hu\/en\/#organization","name":"Bilingual","url":"https:\/\/bilingual.hu\/en\/","logo":{"@type":"ImageObject","inLanguage":"en-US","@id":"https:\/\/bilingual.hu\/en\/#\/schema\/logo\/image\/","url":"https:\/\/bilingual.hu\/app\/uploads\/2024\/08\/Property-1Variant2.svg","contentUrl":"https:\/\/bilingual.hu\/app\/uploads\/2024\/08\/Property-1Variant2.svg","caption":"Bilingual"},"image":{"@id":"https:\/\/bilingual.hu\/en\/#\/schema\/logo\/image\/"},"sameAs":["https:\/\/www.facebook.com\/bilingual.hu","https:\/\/www.instagram.com\/bilingual.hu\/","https:\/\/www.youtube.com\/channel\/UCr0fdfvgn1CRi0YwFT5LwEg\/videos"]}]}},"_links":{"self":[{"href":"https:\/\/bilingual.hu\/en\/wp-json\/wp\/v2\/colleague\/3198","targetHints":{"allow":["GET"]}}],"collection":[{"href":"https:\/\/bilingual.hu\/en\/wp-json\/wp\/v2\/colleague"}],"about":[{"href":"https:\/\/bilingual.hu\/en\/wp-json\/wp\/v2\/types\/colleague"}],"wp:featuredmedia":[{"embeddable":true,"href":"https:\/\/bilingual.hu\/en\/wp-json\/wp\/v2\/media\/3374"}],"wp:attachment":[{"href":"https:\/\/bilingual.hu\/en\/wp-json\/wp\/v2\/media?parent=3198"}],"curies":[{"name":"wp","href":"https:\/\/api.w.org\/{rel}","templated":true}]}}